{"id":19,"date":"2026-04-26T13:46:20","date_gmt":"2026-04-26T11:46:20","guid":{"rendered":"https:\/\/www.giuffrida-sexualpaedagogik.ch\/?page_id=19"},"modified":"2026-04-26T13:46:21","modified_gmt":"2026-04-26T11:46:21","slug":"ueber-mich","status":"publish","type":"page","link":"https:\/\/www.giuffrida-sexualpaedagogik.ch\/index.php\/ueber-mich\/","title":{"rendered":"\u00dcber mich"},"content":{"rendered":"\n<p>In meiner Arbeit mit Menschen mit einer Beeintr\u00e4chtigung bin ich immer wieder Themen rund um Sexualit\u00e4t begegnet. Dabei habe ich erlebt, wie wenig Raum diese im Alltag oft erh\u00e4lt und wie viel Unsicherheit damit verbunden ist \u2013 sowohl bei den begleiteten Menschen als auch bei Fachpersonen.&nbsp;<\/p>\n\n\n\n<p>Diese Erfahrungen haben mich dazu bewegt, mich vertieft mit Sexualp\u00e4dagogik auseinanderzusetzen.&nbsp;<\/p>\n\n\n\n<p>Heute begleite ich Menschen und Fachpersonen im Umgang mit Sexualit\u00e4t.&nbsp;<\/p>\n\n\n\n<p>Mir ist wichtig, dass Menschen mit ihren Themen gesehen werden. Ich begegne unterschiedlichen Lebensrealit\u00e4ten mit Respekt und arbeite auf Augenh\u00f6he.&nbsp;<\/p>\n\n\n\n<p>Ich arbeite praxisnah, ressourcenorientiert und mit einer Haltung, die Vielfalt als selbstverst\u00e4ndlich versteht.&nbsp;<\/p>\n\n\n\n<p>Ich m\u00f6chte insbesondere Menschen ansprechen, die mit ihrer Sexualit\u00e4t zu wenig gesehen werden oder die sich mit ihren W\u00fcnschen ausserhalb gesellschaftlicher Normen bewegen und einen eigenen, stimmigen Umgang damit finden m\u00f6chten.<\/p>\n\n\n\n<h2 class=\"wp-block-heading\">Fachlicher Hintergrund<\/h2>\n\n\n\n<ul class=\"wp-block-list\">\n<li>Dipl. Sexualp\u00e4dagog:in, Institut f\u00fcr Sexualp\u00e4dagogik und Sexualtherapie (ISP), Z\u00fcrich<\/li>\n\n\n\n<li>Eidg. Fachausweis Spezialistin f\u00fcr die Begleitung von Menschen mit Beeintr\u00e4chtigungen<\/li>\n\n\n\n<li>Eidg. Berufsbildnerin<\/li>\n\n\n\n<li>EFZ Fachfrau Betreuung<\/li>\n<\/ul>\n\n\n\n<h2 class=\"wp-block-heading\">Weiterbildungen (Auswahl)<\/h2>\n\n\n\n<ul class=\"wp-block-list\">\n<li>Fachtagung Agogik und Gewalt, FHNW (2026)<\/li>\n\n\n\n<li>Menschen mit psychischer Behinderung im Arbeits- und Wohnbereich (Dr. phil. Leo Gehrig)<\/li>\n\n\n\n<li>Datenschutzrecht (Dr. iur. Hans-Ulrich Z\u00fcrcher)<\/li>\n<\/ul>\n\n\n\n<h2 class=\"wp-block-heading\">Pers\u00f6nliches<\/h2>\n\n\n\n<ul class=\"wp-block-list\">\n<li>Pronomen: sie\/ihr<\/li>\n\n\n\n<li>Jahrgang: 1992<\/li>\n\n\n\n<li>Musik und Bewegung sind f\u00fcr mich wichtige Ausgleichsformen<\/li>\n\n\n\n<li>Ich sch\u00e4tze lange Spazierg\u00e4nge mit Freund:innen und meinem Hund<\/li>\n\n\n\n<li>Kreativ bin ich in einem gemeinsamen Kunstatelier t\u00e4tig (abstrakte Kunst)<\/li>\n<\/ul>\n","protected":false},"excerpt":{"rendered":"<p>In meiner Arbeit mit Menschen mit einer Beeintr\u00e4chtigung bin ich immer wieder Themen rund um Sexualit\u00e4t begegnet. Dabei habe ich erlebt, wie wenig Raum diese im Alltag oft erh\u00e4lt und wie viel Unsicherheit damit verbunden ist \u2013 sowohl bei den begleiteten Menschen als auch bei Fachpersonen.&nbsp; Diese Erfahrungen haben mich dazu bewegt, mich vertieft mit [&hellip;]<\/p>\n","protected":false},"author":2,"featured_media":0,"parent":0,"menu_order":0,"comment_status":"closed","ping_status":"closed","template":"","meta":{"footnotes":""},"class_list":["post-19","page","type-page","status-publish","hentry"],"yoast_head":"<!-- This site is optimized with the Yoast SEO plugin v27.4 - https:\/\/yoast.com\/product\/yoast-seo-wordpress\/ -->\n<title>\u00dcber mich - Laurina Giuffrida - Sexualp\u00e4dagogik f\u00fcr Vielfalt<\/title>\n<meta name=\"robots\" content=\"index, follow, max-snippet:-1, max-image-preview:large, max-video-preview:-1\" \/>\n<link rel=\"canonical\" href=\"https:\/\/www.giuffrida-sexualpaedagogik.ch\/index.php\/ueber-mich\/\" \/>\n<meta property=\"og:locale\" content=\"de_DE\" \/>\n<meta property=\"og:type\" content=\"article\" \/>\n<meta property=\"og:title\" content=\"\u00dcber mich - Laurina Giuffrida - Sexualp\u00e4dagogik f\u00fcr Vielfalt\" \/>\n<meta property=\"og:description\" content=\"In meiner Arbeit mit Menschen mit einer Beeintr\u00e4chtigung bin ich immer wieder Themen rund um Sexualit\u00e4t begegnet. Dabei habe ich erlebt, wie wenig Raum diese im Alltag oft erh\u00e4lt und wie viel Unsicherheit damit verbunden ist \u2013 sowohl bei den begleiteten Menschen als auch bei Fachpersonen.&nbsp; Diese Erfahrungen haben mich dazu bewegt, mich vertieft mit [&hellip;]\" \/>\n<meta property=\"og:url\" content=\"https:\/\/www.giuffrida-sexualpaedagogik.ch\/index.php\/ueber-mich\/\" \/>\n<meta property=\"og:site_name\" content=\"Laurina Giuffrida - Sexualp\u00e4dagogik f\u00fcr Vielfalt\" \/>\n<meta property=\"article:modified_time\" content=\"2026-04-26T11:46:21+00:00\" \/>\n<meta name=\"twitter:card\" content=\"summary_large_image\" \/>\n<meta name=\"twitter:label1\" content=\"Gesch\u00e4tzte Lesezeit\" \/>\n\t<meta name=\"twitter:data1\" content=\"2\u00a0Minuten\" \/>\n<script type=\"application\/ld+json\" class=\"yoast-schema-graph\">{\"@context\":\"https:\\\/\\\/schema.org\",\"@graph\":[{\"@type\":\"WebPage\",\"@id\":\"https:\\\/\\\/www.giuffrida-sexualpaedagogik.ch\\\/index.php\\\/ueber-mich\\\/\",\"url\":\"https:\\\/\\\/www.giuffrida-sexualpaedagogik.ch\\\/index.php\\\/ueber-mich\\\/\",\"name\":\"\u00dcber mich - Laurina Giuffrida - Sexualp\u00e4dagogik f\u00fcr Vielfalt\",\"isPartOf\":{\"@id\":\"https:\\\/\\\/www.giuffrida-sexualpaedagogik.ch\\\/#website\"},\"datePublished\":\"2026-04-26T11:46:20+00:00\",\"dateModified\":\"2026-04-26T11:46:21+00:00\",\"breadcrumb\":{\"@id\":\"https:\\\/\\\/www.giuffrida-sexualpaedagogik.ch\\\/index.php\\\/ueber-mich\\\/#breadcrumb\"},\"inLanguage\":\"de-CH\",\"potentialAction\":[{\"@type\":\"ReadAction\",\"target\":[\"https:\\\/\\\/www.giuffrida-sexualpaedagogik.ch\\\/index.php\\\/ueber-mich\\\/\"]}]},{\"@type\":\"BreadcrumbList\",\"@id\":\"https:\\\/\\\/www.giuffrida-sexualpaedagogik.ch\\\/index.php\\\/ueber-mich\\\/#breadcrumb\",\"itemListElement\":[{\"@type\":\"ListItem\",\"position\":1,\"name\":\"Startseite\",\"item\":\"https:\\\/\\\/www.giuffrida-sexualpaedagogik.ch\\\/\"},{\"@type\":\"ListItem\",\"position\":2,\"name\":\"\u00dcber mich\"}]},{\"@type\":\"WebSite\",\"@id\":\"https:\\\/\\\/www.giuffrida-sexualpaedagogik.ch\\\/#website\",\"url\":\"https:\\\/\\\/www.giuffrida-sexualpaedagogik.ch\\\/\",\"name\":\"Laurina Giuffrida - Sexualp\u00e4dagogik f\u00fcr Vielfalt\",\"description\":\"\",\"potentialAction\":[{\"@type\":\"SearchAction\",\"target\":{\"@type\":\"EntryPoint\",\"urlTemplate\":\"https:\\\/\\\/www.giuffrida-sexualpaedagogik.ch\\\/?s={search_term_string}\"},\"query-input\":{\"@type\":\"PropertyValueSpecification\",\"valueRequired\":true,\"valueName\":\"search_term_string\"}}],\"inLanguage\":\"de-CH\"}]}<\/script>\n<!-- \/ Yoast SEO plugin. -->","yoast_head_json":{"title":"\u00dcber mich - Laurina Giuffrida - Sexualp\u00e4dagogik f\u00fcr Vielfalt","robots":{"index":"index","follow":"follow","max-snippet":"max-snippet:-1","max-image-preview":"max-image-preview:large","max-video-preview":"max-video-preview:-1"},"canonical":"https:\/\/www.giuffrida-sexualpaedagogik.ch\/index.php\/ueber-mich\/","og_locale":"de_DE","og_type":"article","og_title":"\u00dcber mich - Laurina Giuffrida - Sexualp\u00e4dagogik f\u00fcr Vielfalt","og_description":"In meiner Arbeit mit Menschen mit einer Beeintr\u00e4chtigung bin ich immer wieder Themen rund um Sexualit\u00e4t begegnet. Dabei habe ich erlebt, wie wenig Raum diese im Alltag oft erh\u00e4lt und wie viel Unsicherheit damit verbunden ist \u2013 sowohl bei den begleiteten Menschen als auch bei Fachpersonen.&nbsp; Diese Erfahrungen haben mich dazu bewegt, mich vertieft mit [&hellip;]","og_url":"https:\/\/www.giuffrida-sexualpaedagogik.ch\/index.php\/ueber-mich\/","og_site_name":"Laurina Giuffrida - Sexualp\u00e4dagogik f\u00fcr Vielfalt","article_modified_time":"2026-04-26T11:46:21+00:00","twitter_card":"summary_large_image","twitter_misc":{"Gesch\u00e4tzte Lesezeit":"2\u00a0Minuten"},"schema":{"@context":"https:\/\/schema.org","@graph":[{"@type":"WebPage","@id":"https:\/\/www.giuffrida-sexualpaedagogik.ch\/index.php\/ueber-mich\/","url":"https:\/\/www.giuffrida-sexualpaedagogik.ch\/index.php\/ueber-mich\/","name":"\u00dcber mich - Laurina Giuffrida - Sexualp\u00e4dagogik f\u00fcr Vielfalt","isPartOf":{"@id":"https:\/\/www.giuffrida-sexualpaedagogik.ch\/#website"},"datePublished":"2026-04-26T11:46:20+00:00","dateModified":"2026-04-26T11:46:21+00:00","breadcrumb":{"@id":"https:\/\/www.giuffrida-sexualpaedagogik.ch\/index.php\/ueber-mich\/#breadcrumb"},"inLanguage":"de-CH","potentialAction":[{"@type":"ReadAction","target":["https:\/\/www.giuffrida-sexualpaedagogik.ch\/index.php\/ueber-mich\/"]}]},{"@type":"BreadcrumbList","@id":"https:\/\/www.giuffrida-sexualpaedagogik.ch\/index.php\/ueber-mich\/#breadcrumb","itemListElement":[{"@type":"ListItem","position":1,"name":"Startseite","item":"https:\/\/www.giuffrida-sexualpaedagogik.ch\/"},{"@type":"ListItem","position":2,"name":"\u00dcber mich"}]},{"@type":"WebSite","@id":"https:\/\/www.giuffrida-sexualpaedagogik.ch\/#website","url":"https:\/\/www.giuffrida-sexualpaedagogik.ch\/","name":"Laurina Giuffrida - Sexualp\u00e4dagogik f\u00fcr Vielfalt","description":"","potentialAction":[{"@type":"SearchAction","target":{"@type":"EntryPoint","urlTemplate":"https:\/\/www.giuffrida-sexualpaedagogik.ch\/?s={search_term_string}"},"query-input":{"@type":"PropertyValueSpecification","valueRequired":true,"valueName":"search_term_string"}}],"inLanguage":"de-CH"}]}},"_links":{"self":[{"href":"https:\/\/www.giuffrida-sexualpaedagogik.ch\/index.php\/wp-json\/wp\/v2\/pages\/19","targetHints":{"allow":["GET"]}}],"collection":[{"href":"https:\/\/www.giuffrida-sexualpaedagogik.ch\/index.php\/wp-json\/wp\/v2\/pages"}],"about":[{"href":"https:\/\/www.giuffrida-sexualpaedagogik.ch\/index.php\/wp-json\/wp\/v2\/types\/page"}],"author":[{"embeddable":true,"href":"https:\/\/www.giuffrida-sexualpaedagogik.ch\/index.php\/wp-json\/wp\/v2\/users\/2"}],"replies":[{"embeddable":true,"href":"https:\/\/www.giuffrida-sexualpaedagogik.ch\/index.php\/wp-json\/wp\/v2\/comments?post=19"}],"version-history":[{"count":1,"href":"https:\/\/www.giuffrida-sexualpaedagogik.ch\/index.php\/wp-json\/wp\/v2\/pages\/19\/revisions"}],"predecessor-version":[{"id":20,"href":"https:\/\/www.giuffrida-sexualpaedagogik.ch\/index.php\/wp-json\/wp\/v2\/pages\/19\/revisions\/20"}],"wp:attachment":[{"href":"https:\/\/www.giuffrida-sexualpaedagogik.ch\/index.php\/wp-json\/wp\/v2\/media?parent=19"}],"curies":[{"name":"wp","href":"https:\/\/api.w.org\/{rel}","templated":true}]}}